{"id":1840,"date":"2020-06-16T10:15:47","date_gmt":"2020-06-16T08:15:47","guid":{"rendered":"https:\/\/www.reclaim-award.org\/?page_id=1840"},"modified":"2021-08-20T10:50:02","modified_gmt":"2021-08-20T08:50:02","slug":"winners","status":"publish","type":"page","link":"https:\/\/www.reclaim-award.org\/en\/winners\/","title":{"rendered":"Winners 2020"},"content":{"rendered":"<div class=\"container-fluid\"><div class=\"row justify-content-center bigtypo\"><div class=\"col-12 col-sm-10\"><p>\r\nThese are the winners of the <nobr><span class=\"reflect\">R<\/span>eclaim<\/nobr> Award 2020:\r\n<\/p><\/div><\/div><\/div>\r\n\r\n<div class=\"container-fluid jurymemberwrapper\">\r\n<div class=\"row justify-content-center\">\r\n<div class=\"col-md-11\">\r\n\r\n<div class=\"row\">\r\n<a href=\"\/en\/winners\/nadine-aber\/\"><div class=\"col-lg-6 artdescouter\"><div class=\"artdescwrapper\" style=\"background: #ddd\"><img src=\"\/wp-content\/uploads\/2020\/06\/Reclaim-Award-2020_Nadine_Aber-0437.jpg\" class=\"img-fluid\"><div class=\"artdesc\"><a class=\"jurymember\" href=\"\/en\/winners\/nadine-aber\/\">Nadine Aber<\/a><p class=\"jurysub\">Camouflage<\/p><p> \u201cLife doesn\u2019t frighten me\u201d is the life concept of designer Michelle Elie, who frequently positions herself against societal norms in her works. However, in unusual times with threats like Covid-19 a &#8230;<\/p><\/div><\/div><\/a><\/div>\r\n\r\n<a href=\"\/en\/winners\/sophie-aigner\/\"><div class=\"col-lg-6 artdescouter\"><div class=\"artdescwrapper\" style=\"background: #ddd\"><img src=\"\/wp-content\/uploads\/2020\/06\/Reclaim-Award-2020_Sophie_Aigner-0387.jpg\" class=\"img-fluid\"><div class=\"artdesc\"><a class=\"jurymember\" href=\"\/en\/winners\/sophie-aigner\/\">Sophie Aigner<\/a><p class=\"jurysub\">Socke<\/p><p>Sock, sign of the times. In Sophie Aigner\u2019s work, its leg becomes a plaster cast. Form and content appear literally \u201cworn\u201d. This lends the work its sculptural character. Her choice of object seems to &#8230;<\/p><\/div><\/div><\/a><\/div>\r\n\r\n<a href=\"\/en\/winners\/johanna-baschke\/\"><div class=\"col-lg-6 artdescouter\"><div class=\"artdescwrapper\" style=\"background: #ddd\"><img src=\"\/wp-content\/uploads\/2020\/06\/Reclaim-Award-2020_Johanna_Baschka-9829.jpg\" class=\"img-fluid\"><div class=\"artdesc\"><a class=\"jurymember\" href=\"\/en\/winners\/johanna-baschke\/\">Johanna Baschke<\/a><p class=\"jurysub\">absence I<\/p><p>In Johanna Baschke\u2019s work, people are photographed in isolation and arranged with other people to form a digital structure. Populating the image space together, the void hanging between the protagoni &#8230;<\/p><\/div><\/div><\/a><\/div>\r\n\r\n<a href=\"\/en\/winners\/julie-batteux\/\"><div class=\"col-lg-6 artdescouter\"><div class=\"artdescwrapper\" style=\"background: #ddd\"><img src=\"\/wp-content\/uploads\/2020\/06\/Reclaim-Award-2020_Batteux_Julie-2020_Andrea_van_Reimersdahl-0784.jpg\" class=\"img-fluid\"><div class=\"artdesc\"><a class=\"jurymember\" href=\"\/en\/winners\/julie-batteux\/\">Julie Batteux<\/a><p class=\"jurysub\">Blindes Vertrauen<\/p><p>Julia Batteux\u2019s photographic work \u201cBlindes Vertrauen\u201d depicts a pair of lovers in an intimate embrace. The tender and heartfelt moment resonates with abundant trust, devotion and humanity. A moving i &#8230;<\/p><\/div><\/div><\/a><\/div>\r\n\r\n<a href=\"\/en\/winners\/andre-britz\/\"><div class=\"col-lg-6 artdescouter\"><div class=\"artdescwrapper\" style=\"background: #ddd\"><img src=\"\/wp-content\/uploads\/2020\/06\/Reclaim-Award-2020_Andre_Britz-9838.jpg\" class=\"img-fluid\"><div class=\"artdesc\"><a class=\"jurymember\" href=\"\/en\/winners\/andre-britz\/\">Andr\u00e9 Britz<\/a><p class=\"jurysub\">People in Boxes, Uprising<\/p><p>In Andr\u00e9 Britz\u2019s analogue paper collage \u201cPeople in Boxes, Uprising\u201d,man is limited. The quadrature becomes his identity from which he strives to flee. He twists and writhes, revolts, resists. In this &#8230;<\/p><\/div><\/div><\/a><\/div>\r\n\r\n<a href=\"\/en\/winners\/bouwe-brouwer\/\"><div class=\"col-lg-6 artdescouter\"><div class=\"artdescwrapper\" style=\"background: #ddd\"><img src=\"\/wp-content\/uploads\/2020\/06\/Reclaim-Award-2020_Bouwe_Brouwer-0021.jpg\" class=\"img-fluid\"><div class=\"artdesc\"><a class=\"jurymember\" href=\"\/en\/winners\/bouwe-brouwer\/\">Bouwe Brouwer<\/a><p class=\"jurysub\">Untitled<\/p><p>Man keeps a lookout. Bouwe Brouwer\u2019s subject \u201cPeeking Man\u201d could be a film still from an Alfred Hitchcock classic. Prototype or otherwise, Brouwer knows his craft too. By denying the beholder of his  &#8230;<\/p><\/div><\/div><\/a><\/div>\r\n\r\n<a href=\"\/en\/winners\/fabio-cavallari\/\"><div class=\"col-lg-6 artdescouter\"><div class=\"artdescwrapper\" style=\"background: #ddd\"><img src=\"\/wp-content\/uploads\/2020\/06\/Reclaim-Award-2020_Fabio_Cavallari-9931.jpg\" class=\"img-fluid\"><div class=\"artdesc\"><a class=\"jurymember\" href=\"\/en\/winners\/fabio-cavallari\/\">Fabio Cavallari<\/a><p class=\"jurysub\">Kolonya wasser<\/p><p>One work unites many narratives. Fabio Cavallari\u2019s image is an abstract portrayal of the percent distribution of alcohol in relation to perfume essences in the formula for \u201cEau de Cologne\u201d, that city &#8230;<\/p><\/div><\/div><\/a><\/div>\r\n\r\n<a href=\"\/en\/winners\/tom-crump\/\"><div class=\"col-lg-6 artdescouter\"><div class=\"artdescwrapper\" style=\"background: #ddd\"><img src=\"\/wp-content\/uploads\/2020\/06\/Reclaim-Award-2020_Tom_Crump-9841.jpg\" class=\"img-fluid\"><div class=\"artdesc\"><a class=\"jurymember\" href=\"\/en\/winners\/tom-crump\/\">Tom Crump<\/a><p class=\"jurysub\">Amorphophallus titanum #2<\/p><p>Tom Crump\u2019s digital photograph is part of his series \u201cAmorphophallus titanum\u201d The title-giving flower, which is part of the arum family and also described as the corpse flower, is an allegory of the  &#8230;<\/p><\/div><\/div><\/a><\/div>\r\n\r\n<a href=\"\/en\/winners\/tielin-ding\/\"><div class=\"col-lg-6 artdescouter\"><div class=\"artdescwrapper\" style=\"background: #ddd\"><img src=\"\/wp-content\/uploads\/2020\/06\/Reclaim-Award-2020_Tielin_Ding-0419.jpg\" class=\"img-fluid\"><div class=\"artdesc\"><a class=\"jurymember\" href=\"\/en\/winners\/tielin-ding\/\">Tielin Ding<\/a><p class=\"jurysub\">City of Camera-Xray<\/p><p>Total X-ray. Four heads in a suitcase. Tielen Ding\u2019s photograph of the security scan of her suitcase packed with head mannequins is a critical and at the same time ironic examination of the total and &#8230;<\/p><\/div><\/div><\/a><\/div>\r\n\r\n<a href=\"\/en\/winners\/brigitte-dunkel\/\"><div class=\"col-lg-6 artdescouter\"><div class=\"artdescwrapper\" style=\"background: #ddd\"><img src=\"\/wp-content\/uploads\/2020\/06\/Reclaim-Award-2020_Brigitte_Dunkel-0328.jpg\" class=\"img-fluid\"><div class=\"artdesc\"><a class=\"jurymember\" href=\"\/en\/winners\/brigitte-dunkel\/\">Brigitte Dunkel<\/a><p class=\"jurysub\">Metal Me<\/p><p>Brigitte Dunkel\u2019s work \u201cMetal Me\u201d is part of the serial project THIS IS NOT. The visual material for this work was shot using an iPhone CE 0682 and pre-edited using layout software available as an ap &#8230;<\/p><\/div><\/div><\/a><\/div>\r\n\r\n<a href=\"\/en\/winners\/tamara-eckhardt\/\"><div class=\"col-lg-6 artdescouter\"><div class=\"artdescwrapper\" style=\"background: #ddd\"><img src=\"\/wp-content\/uploads\/2020\/06\/Reclaim-Award-2020_Tamara_Eckhardt-0083.jpg\" class=\"img-fluid\"><div class=\"artdesc\"><a class=\"jurymember\" href=\"\/en\/winners\/tamara-eckhardt\/\">Tamara Eckhardt<\/a><p class=\"jurysub\">The Children of Carrowbrowne<\/p><p>Tamara Eckhardt\u2019s documentary series \u201cThe Children of Carrowbrown\u201d examines the adolescence of childern of Traveller families. Travellers are the largest ethnic minority in Ireland. On account of the &#8230;<\/p><\/div><\/div><\/a><\/div>\r\n\r\n<a href=\"\/en\/winners\/michelle-elie\/\"><div class=\"col-lg-6 artdescouter\"><div class=\"artdescwrapper\" style=\"background: #ddd\"><img src=\"\/wp-content\/uploads\/2020\/06\/Reclaim-Award-2020_Michelle_Elie-0239.jpg\" class=\"img-fluid\"><div class=\"artdesc\"><a class=\"jurymember\" href=\"\/en\/winners\/michelle-elie\/\">Michelle Elie<\/a><p class=\"jurysub\">Life3<\/p><p> \u201cLife doesn\u2019t frighten me\u201d is the life concept of designer Michelle Elie, who frequently positions herself against societal norms in her works. However, in unusual times with threats like Covid-19 a &#8230;<\/p><\/div><\/div><\/a><\/div>\r\n\r\n<a href=\"\/en\/winners\/kollektiv-federfrei\/\"><div class=\"col-lg-6 artdescouter\"><div class=\"artdescwrapper\" style=\"background: #ddd\"><img src=\"\/wp-content\/uploads\/2020\/06\/Reclaim-Award-2020_Kollektiv_Federfrei-9861.jpg\" class=\"img-fluid\"><div class=\"artdesc\"><a class=\"jurymember\" href=\"\/en\/winners\/kollektiv-federfrei\/\">kollektiv federfrei<\/a><p class=\"jurysub\">mit einander<\/p><p>Two bodies move in the space. Touch each other, to their own rhythm. A third paints with hands on their bodies. The colours blur on moving bodies to make new pictures. In their project \u201cEinander\u201d, Jo &#8230;<\/p><\/div><\/div><\/a><\/div>\r\n\r\n<a href=\"\/en\/winners\/carole-fekete\/\"><div class=\"col-lg-6 artdescouter\"><div class=\"artdescwrapper\" style=\"background: #ddd\"><img src=\"\/wp-content\/uploads\/2020\/06\/Reclaim-Award-2020_Carole_Fekete-0529.jpg\" class=\"img-fluid\"><div class=\"artdesc\"><a class=\"jurymember\" href=\"\/en\/winners\/carole-fekete\/\">Carole F\u00e9k\u00e9t\u00e9<\/a><p class=\"jurysub\">Pension Anatoli Vassiliev<\/p><p>Carole F\u00e9k\u00e9t\u00e9\u2019s photograph from 2001 shows us the common room of a Moscow guest house. Curtains and chairs match one another perfectly. Too perfectly? The transitions between the objects are impercep &#8230;<\/p><\/div><\/div><\/a><\/div>\r\n\r\n<a href=\"\/en\/winners\/lisa-grosskopf\/\"><div class=\"col-lg-6 artdescouter\"><div class=\"artdescwrapper\" style=\"background: #ddd\"><img src=\"\/wp-content\/uploads\/2020\/06\/Reclaim-Award-2020_Lisa_Grosskopf-0584.jpg\" class=\"img-fluid\"><div class=\"artdesc\"><a class=\"jurymember\" href=\"\/en\/winners\/lisa-grosskopf\/\">Lisa Gro\u00dfkopf<\/a><p class=\"jurysub\">Concerns of the 21st century<\/p><p>HOW TO CONVINCE YOURSELF THAT YOU CAN DO SOMETHING? In Lisa Gro\u00dfkopf\u2019s work the billboard becomes the bearer of questions of our present day. Her basis for this is the online portal wikiHow. There on &#8230;<\/p><\/div><\/div><\/a><\/div>\r\n\r\n<a href=\"\/en\/winners\/joscha-jantoss-olga-preiss\/\"><div class=\"col-lg-6 artdescouter\"><div class=\"artdescwrapper\" style=\"background: #ddd\"><img src=\"\/wp-content\/uploads\/2020\/06\/Reclaim-Award-2020_Janstoss_Preiss-0442.jpg\" class=\"img-fluid\"><div class=\"artdesc\"><a class=\"jurymember\" href=\"\/en\/winners\/joscha-jantoss-olga-preiss\/\">Joscha Janto\u00df &#038; Olga Preiss<\/a><p class=\"jurysub\">Coronasupermarkt<\/p><p>Corona consumerism. Joscha Jansto\u00df and Olga Preiss\u2019s poster, on which an oversized, twisting shopping list can be seen, recounts the consequences and effects of the Covid-19 pandemic based on real an &#8230;<\/p><\/div><\/div><\/a><\/div>\r\n\r\n<a href=\"\/en\/winners\/liza-dieckwisch-julia-gruner\/\"><div class=\"col-lg-6 artdescouter\"><div class=\"artdescwrapper\" style=\"background: #ddd\"><img src=\"\/wp-content\/uploads\/2020\/06\/Reclaim-Award-2020_Diekwisch_Gruner-0276.jpg\" class=\"img-fluid\"><div class=\"artdesc\"><a class=\"jurymember\" href=\"\/en\/winners\/liza-dieckwisch-julia-gruner\/\">Liza Dieckwisch Julia Gruner<\/a><p class=\"jurysub\">Eishits<\/p><p>Coming from painting, Liza Dieckwisch and Julia Gruner have been occupied with the boundary between art and everyday food in joint projects since 2015. In this context parallels are drawn between pai &#8230;<\/p><\/div><\/div><\/a><\/div>\r\n\r\n<a href=\"\/en\/winners\/kim-haedeun\/\"><div class=\"col-lg-6 artdescouter\"><div class=\"artdescwrapper\" style=\"background: #ddd\"><img src=\"\/wp-content\/uploads\/2020\/06\/Reclaim-Award-2020_Kim_Haedeun-0617.jpg\" class=\"img-fluid\"><div class=\"artdesc\"><a class=\"jurymember\" href=\"\/en\/winners\/kim-haedeun\/\">Kim Haedeun<\/a><p class=\"jurysub\">Outside the tram. 2019<\/p><p>Movement as pause. Haeduen Kim\u2019s street photograph \u201cOutside the tram\u201d resembles a wimmelpicture of standstill. Travellers melancholically persevere on the inside of the tram. The forced shared break  &#8230;<\/p><\/div><\/div><\/a><\/div>\r\n\r\n<a href=\"\/en\/winners\/debbie-kleijn\/\"><div class=\"col-lg-6 artdescouter\"><div class=\"artdescwrapper\" style=\"background: #ddd\"><img src=\"\/wp-content\/uploads\/2020\/06\/Reclaim-Award-2020_Debbie_Kleijn-0473.jpg\" class=\"img-fluid\"><div class=\"artdesc\"><a class=\"jurymember\" href=\"\/en\/winners\/debbie-kleijn\/\">Debbie Kleijn<\/a><p class=\"jurysub\">childhood II<\/p><p>In the slough of despond. Debbie Kleijn\u2019s photograph of sinking shopping carts stands as an allegory to the absurd excesses of our consumerism. No salvation in sight. &#8230;<\/p><\/div><\/div><\/a><\/div>\r\n\r\n<a href=\"\/en\/winners\/andreas-lauermann\/\"><div class=\"col-lg-6 artdescouter\"><div class=\"artdescwrapper\" style=\"background: #ddd\"><img src=\"\/wp-content\/uploads\/2020\/06\/Reclaim-Award-2020_Andreas_Lauermann-0467.jpg\" class=\"img-fluid\"><div class=\"artdesc\"><a class=\"jurymember\" href=\"\/en\/winners\/andreas-lauermann\/\">Andreas Lauermann<\/a><p class=\"jurysub\">Kinderspielplatz<\/p><p>The paranoid dictator Enver Hodscha covered Albania with concrete bunkers from 1972 until 1984. He was trying to protect his population against enemies who he felt were closing in. 700,000 bunkers we &#8230;<\/p><\/div><\/div><\/a><\/div>\r\n\r\n<a href=\"\/en\/winners\/thea-mantwill\/\"><div class=\"col-lg-6 artdescouter\"><div class=\"artdescwrapper\" style=\"background: #ddd\"><img src=\"\/wp-content\/uploads\/2020\/06\/Reclaim-Award-2020_Thea-Mantwill-0205.jpg\" class=\"img-fluid\"><div class=\"artdesc\"><a class=\"jurymember\" href=\"\/en\/winners\/thea-mantwill\/\">Thea Mantwill<\/a><p class=\"jurysub\">S\u00e4tze, die ich stehen lassen kann<\/p><p>The full stop is the round thing at the sentence\u2019s end. In Thea Mantwill\u2019s work \u201cS\u00e4tze die ich stehen lassen kann\u201d (\u201cPhrases I can ditch\u201d), the title says it all. Her word-chains omit nothing, take n &#8230;<\/p><\/div><\/div><\/a><\/div>\r\n\r\n<a href=\"\/en\/winners\/baerbel-moellmann\/\"><div class=\"col-lg-6 artdescouter\"><div class=\"artdescwrapper\" style=\"background: #ddd\"><img src=\"\/wp-content\/uploads\/2020\/06\/Reclaim-Award-2020_Baerbel_Moelmann-0354.jpg\" class=\"img-fluid\"><div class=\"artdesc\"><a class=\"jurymember\" href=\"\/en\/winners\/baerbel-moellmann\/\">B\u00e4rbel M\u00f6llmann<\/a><p class=\"jurysub\">Camera obscura Wien (Schlafzimmer)<\/p><p>For her shots B\u00e4rbel M\u00f6llmann darkens the rooms of an apartment in Vienna. She uses a curtain, in which a lens projects the image of the outside world onto the walls behind. Total darkness force the  &#8230;<\/p><\/div><\/div><\/a><\/div>\r\n\r\n<a href=\"\/en\/winners\/matthias-moravek\/\"><div class=\"col-lg-6 artdescouter\"><div class=\"artdescwrapper\" style=\"background: #ddd\"><img src=\"\/wp-content\/uploads\/2020\/06\/Reclaim-Award-2020_Matthias_Moravek-0176.jpg\" class=\"img-fluid\"><div class=\"artdesc\"><a class=\"jurymember\" href=\"\/en\/winners\/matthias-moravek\/\">Matthias Moravek<\/a><p class=\"jurysub\">L\u2019Eph\u00e9m\u00e8re disparu<\/p><p>Graphic design in the public space. During an artist\u2019s residency in Saint-Louis\/Senegal, Matthias Moravek decided to work directly on walls and structures at locations in the public space. The result &#8230;<\/p><\/div><\/div><\/a><\/div>\r\n\r\n<a href=\"\/en\/winners\/sali-muller\/\"><div class=\"col-lg-6 artdescouter\"><div class=\"artdescwrapper\" style=\"background: #ddd\"><img src=\"\/wp-content\/uploads\/2020\/06\/Reclaim-Award-2020_Sali-Muller-0193.jpg\" class=\"img-fluid\"><div class=\"artdesc\"><a class=\"jurymember\" href=\"\/en\/winners\/sali-muller\/\">Sali Muller<\/a><p class=\"jurysub\">Das Zeitfenster<\/p><p>As though light were being disassembled into its component parts. Sali Muller\u2019s Venetian blinds reflect light, and yet look like surfaces through which light pierces in order to fan out rainbow-like  &#8230;<\/p><\/div><\/div><\/a><\/div>\r\n\r\n<a href=\"\/en\/winners\/daniel-nehring\/\"><div class=\"col-lg-6 artdescouter\"><div class=\"artdescwrapper\" style=\"background: #ddd\"><img src=\"\/wp-content\/uploads\/2020\/06\/Reclaim-Award-2020_Daniel_Nehring-0757.jpg\" class=\"img-fluid\"><div class=\"artdesc\"><a class=\"jurymember\" href=\"\/en\/winners\/daniel-nehring\/\">Daniel Nehring<\/a><p class=\"jurysub\">Stage (Ausschnitt), 2020<\/p><p>The medium of pastel \u2013 a hybrid of painting and drawing \u2013 is used by Daniel Nehring in order, in his work \u201cStage\u201d, to arrange a stage situation, a set, which itself functions as a hybrid: As an imagi &#8230;<\/p><\/div><\/div><\/a><\/div>\r\n\r\n<a href=\"\/en\/winners\/martin-paletar\/\"><div class=\"col-lg-6 artdescouter\"><div class=\"artdescwrapper\" style=\"background: #ddd\"><img src=\"\/wp-content\/uploads\/2020\/06\/Reclaim-Award-2020_Martin-Paletar-0452.jpg\" class=\"img-fluid\"><div class=\"artdesc\"><a class=\"jurymember\" href=\"\/en\/winners\/martin-paletar\/\">Martin Paletar<\/a><p class=\"jurysub\">Vivas Nos Queremos (We Want Us Alive), Argentina<\/p><p>Reclaim the street. The public space becomes a stage for protest. Martin Paletar\u2019s documentary photograph depicts a young Argentinian girl at a demonstration on International Women\u2019s Day, also known  &#8230;<\/p><\/div><\/div><\/a><\/div>\r\n\r\n<a href=\"\/en\/winners\/laura-pirgie\/\"><div class=\"col-lg-6 artdescouter\"><div class=\"artdescwrapper\" style=\"background: #ddd\"><img src=\"\/wp-content\/uploads\/2020\/06\/Reclaim-Award-2020_Laura_Pirgie-0258.jpg\" class=\"img-fluid\"><div class=\"artdesc\"><a class=\"jurymember\" href=\"\/en\/winners\/laura-pirgie\/\">Laura Pirgie<\/a><p class=\"jurysub\">Spezialexperte, 2020<\/p><p>An abstract part of the whole. Originally shot using an analogue large-format camera, then scanned, then one part enlarged. The digital blow-up of the scanned negative in Laura Pirigie\u2019s work \u201cSpezia &#8230;<\/p><\/div><\/div><\/a><\/div>\r\n\r\n<a href=\"\/en\/winners\/sanna-reitz\/\"><div class=\"col-lg-6 artdescouter\"><div class=\"artdescwrapper\" style=\"background: #ddd\"><img src=\"\/wp-content\/uploads\/2020\/06\/Reclaim-Award-2020_Sanna_Reitz-9880.jpg\" class=\"img-fluid\"><div class=\"artdesc\"><a class=\"jurymember\" href=\"\/en\/winners\/sanna-reitz\/\">Sanna Reitz<\/a><p class=\"jurysub\">hybris<\/p><p>The series hybris by Sanna Reiz thematizes the aesthetic conquering of Nature in the form of structured geometric cutting of plants to form a hedge. The essence of human dominance is anchored in the  &#8230;<\/p><\/div><\/div><\/a><\/div>\r\n\r\n<a href=\"\/en\/winners\/maximilian-roedel\/\"><div class=\"col-lg-6 artdescouter\"><div class=\"artdescwrapper\" style=\"background: #ddd\"><img src=\"\/wp-content\/uploads\/2020\/06\/Reclaim-Award-2020_Maximilian_Roedel-9871.jpg\" class=\"img-fluid\"><div class=\"artdesc\"><a class=\"jurymember\" href=\"\/en\/winners\/maximilian-roedel\/\">Maximilian R\u00f6del<\/a><p class=\"jurysub\">FORTUNATOR IV, 2019, 180x160cm, oil on canvas<\/p><p>Maximilian R\u00f6del\u2019s work \u201cFortunator\u201d is green, is blue, is yellow, or at least close to that. And it is almost quadratic. Colour surfaces running into one another hamper its explanation. Thus, unexpl &#8230;<\/p><\/div><\/div><\/a><\/div>\r\n\r\n<a href=\"\/en\/winners\/nina-roeder\/\"><div class=\"col-lg-6 artdescouter\"><div class=\"artdescwrapper\" style=\"background: #ddd\"><img src=\"\/wp-content\/uploads\/2020\/06\/Reclaim-Award-2020_Nina_Roeder-0061.jpg\" class=\"img-fluid\"><div class=\"artdesc\"><a class=\"jurymember\" href=\"\/en\/winners\/nina-roeder\/\">Nina R\u00f6der<\/a><p class=\"jurysub\">Mum in bed<\/p><p>Nina R\u00f6der\u2019s image is part of her series WENN DU GEHEN MUSST WILLST DU DOCH AUCH BLEIBEN. It depicts her mother in a nightdress of her mother\u2019s, in a yoga pose. The photograph is part of a process of &#8230;<\/p><\/div><\/div><\/a><\/div>\r\n\r\n<a href=\"\/en\/winners\/timo-seber\/\"><div class=\"col-lg-6 artdescouter\"><div class=\"artdescwrapper\" style=\"background: #ddd\"><img src=\"\/wp-content\/uploads\/2020\/06\/Reclaim-Award-2020_Timo_Seber-0635.jpg\" class=\"img-fluid\"><div class=\"artdesc\"><a class=\"jurymember\" href=\"\/en\/winners\/timo-seber\/\">Timo Seber<\/a><p class=\"jurysub\">IDA<\/p><p>This high-res scan of an analogue negative deals with expression, attitude and relationship of the two illustrated persons. Time and place cannot really be identified in the image. In and as a result &#8230;<\/p><\/div><\/div><\/a><\/div>\r\n\r\n<a href=\"\/en\/winners\/iyla-shah\/\"><div class=\"col-lg-6 artdescouter\"><div class=\"artdescwrapper\" style=\"background: #ddd\"><img src=\"\/wp-content\/uploads\/2020\/06\/Reclaim-Award-2020_Iyla_Sha-0685.jpg\" class=\"img-fluid\"><div class=\"artdesc\"><a class=\"jurymember\" href=\"\/en\/winners\/iyla-shah\/\">Iyla Shah<\/a><p class=\"jurysub\">Smile<\/p><p>Iyla Shah\u2019s mixed media work on paper examines the colours and shapes that she encounters daily. In what combinations and to what end are they presented to us? What function do they have on different &#8230;<\/p><\/div><\/div><\/a><\/div>\r\n\r\n<a href=\"\/en\/winners\/jun-eui-song\/\"><div class=\"col-lg-6 artdescouter\"><div class=\"artdescwrapper\" style=\"background: #ddd\"><img src=\"\/wp-content\/uploads\/2020\/06\/Reclaim-Award-2020_Jun_Eui_Song-0361.jpg\" class=\"img-fluid\"><div class=\"artdesc\"><a class=\"jurymember\" href=\"\/en\/winners\/jun-eui-song\/\">Jun Eui Song<\/a><p class=\"jurysub\">Rococorean Post-Reality<\/p><p>Jun Eui Song produces works that concentrate on the aesthetics of the digital and its machine logic. His religious space shown here conflates elements of Bavarian Rococo churches with traditional Kor &#8230;<\/p><\/div><\/div><\/a><\/div>\r\n\r\n<a href=\"\/en\/winners\/nathalie-stirnimann-stefan-stojanovic\/\"><div class=\"col-lg-6 artdescouter\"><div class=\"artdescwrapper\" style=\"background: #ddd\"><img src=\"\/wp-content\/uploads\/2020\/06\/Reclaim-Award-2020_Stirnimann_Stojanovic-0119.jpg\" class=\"img-fluid\"><div class=\"artdesc\"><a class=\"jurymember\" href=\"\/en\/winners\/nathalie-stirnimann-stefan-stojanovic\/\">Nathalie Stirnimann Stefan Stojanovic \/ Foto: Srdjan Djuric<\/a><p class=\"jurysub\">What if the walls were more flexible?<\/p><p>Frequently, walls function as bolt, as boundary. They are firmly impenetrable and one needs to walk around them. Nathalie Stirnimann and Stafan Stojanovic comprehend walls more as nets. In their perf &#8230;<\/p><\/div><\/div><\/a><\/div>\r\n\r\n<a href=\"\/en\/winners\/katja-stuke\/\"><div class=\"col-lg-6 artdescouter\"><div class=\"artdescwrapper\" style=\"background: #ddd\"><img src=\"\/wp-content\/uploads\/2020\/06\/Reclaim-Award-2020_Katja_Stuke-0166.jpg\" class=\"img-fluid\"><div class=\"artdesc\"><a class=\"jurymember\" href=\"\/en\/winners\/katja-stuke\/\">Katja Stuke<\/a><p class=\"jurysub\">o.T.3<\/p><p>In their work \u201cJapanese Lesson\u201d, artistic photographers Katja Stuke and Oliver Sieber deal with the issues concerning political and social landscape in Japan. Hopefully trees get pictured there too?  &#8230;<\/p><\/div><\/div><\/a><\/div>\r\n\r\n<a href=\"\/en\/winners\/sebastian-thewes\/\"><div class=\"col-lg-6 artdescouter\"><div class=\"artdescwrapper\" style=\"background: #ddd\"><img src=\"\/wp-content\/uploads\/2020\/06\/Reclaim-Award-2020_Sebastian_Thewes-0296.jpg\" class=\"img-fluid\"><div class=\"artdesc\"><a class=\"jurymember\" href=\"\/en\/winners\/sebastian-thewes\/\">Sebastian Thewes<\/a><p class=\"jurysub\">ce_071<\/p><p>Sebastian Thewes\u2019s digital 3D graphic looks like a post-futuristic rhizome. The wickerwork of his rhizome-like construct has combined to form a floundering carpet floating through the cosmos. Should  &#8230;<\/p><\/div><\/div><\/a><\/div>\r\n\r\n<a href=\"\/en\/winners\/inge-trienekens\/\"><div class=\"col-lg-6 artdescouter\"><div class=\"artdescwrapper\" style=\"background: #ddd\"><img src=\"\/wp-content\/uploads\/2020\/06\/Reclaim-Award-2020_Inge_Trienekens-0647.jpg\" class=\"img-fluid\"><div class=\"artdesc\"><a class=\"jurymember\" href=\"\/en\/winners\/inge-trienekens\/\">Inge Trienekens<\/a><p class=\"jurysub\">Face\u00a0not found #2<\/p><p>The surface as monitor. Inge Trieneken\u2019s photograph \u201cFace Not Found\u201d does, and doesn\u2019t, depict. Inge Trieneken\u2019s choice of surface for depiction means that the visibility of what is depicted becomes  &#8230;<\/p><\/div><\/div><\/a><\/div>\r\n\r\n<a href=\"\/en\/winners\/andrea-van-reimersdahl\/\"><div class=\"col-lg-6 artdescouter\"><div class=\"artdescwrapper\" style=\"background: #ddd\"><img src=\"\/wp-content\/uploads\/2020\/06\/Reclaim-Award-2020_Andrea_van_Reimersdahl-0733.jpg\" class=\"img-fluid\"><div class=\"artdesc\"><a class=\"jurymember\" href=\"\/en\/winners\/andrea-van-reimersdahl\/\">Andrea van Reimersdahl<\/a><p class=\"jurysub\">Identity sucks 03<\/p><p>Andrea van Reimersdahl operates painting multi-dimensionally. The work \u201cIdentity sucks\u201d visualizes the notion of moving images interacting above and beyond the exhibition space. In the photograph ill &#8230;<\/p><\/div><\/div><\/a><\/div>\r\n\r\n<a href=\"\/en\/winners\/arne-wastyn\/\"><div class=\"col-lg-6 artdescouter\"><div class=\"artdescwrapper\" style=\"background: #ddd\"><img src=\"\/wp-content\/uploads\/2020\/06\/Reclaim-Award-2020_Arne_Wastyn-0492.jpg\" class=\"img-fluid\"><div class=\"artdesc\"><a class=\"jurymember\" href=\"\/en\/winners\/arne-wastyn\/\">Arne Wastyn<\/a><p class=\"jurysub\">Inside Out (2)<\/p><p>Arne Wastyn\u2019s found footage work \u201cInside Out\u201d combines two aesthetics: Nature photography and first aid manual illustrations. The obvious lack of cohesion between these two different visual vocabular &#8230;<\/p><\/div><\/div><\/a><\/div>\r\n\r\n<a href=\"\/en\/winners\/tilo-toni\/\"><div class=\"col-lg-6 artdescouter\"><div class=\"artdescwrapper\" style=\"background: #ddd\"><img src=\"\/wp-content\/uploads\/2020\/06\/Reclaim-Award-2020_Tilo_Toni-9983.jpg\" class=\"img-fluid\"><div class=\"artdesc\"><a class=\"jurymember\" href=\"\/en\/winners\/tilo-toni\/\">TILO&#038;TONI<\/a><p class=\"jurysub\">Summer Collection<\/p><p>All image archives available in the world are a type of spare-parts warehouse for images. Tilo&#038;Toni appropriate images, rhetoric, gestures and poses. Hierarchy-free in relation to origin, technique,  &#8230;<\/p><\/div><\/div><\/a><\/div>\r\n\r\n<\/div>\r\n<\/div>","protected":false},"excerpt":{"rendered":"<p>Nadine AberCamouflage \u201cLife doesn\u2019t frighten me\u201d is the life concept of designer Michelle Elie, who frequently positions herself against societal norms in her works. However, in unusual times with threats like Covid-19 a &#8230; Sophie AignerSockeSock, sign of the times. In Sophie Aigner\u2019s work, its leg becomes a plaster cast. Form and content appear literally [&hellip;]<\/p>\n","protected":false},"author":2,"featured_media":0,"parent":0,"menu_order":0,"comment_status":"closed","ping_status":"closed","template":"","meta":[],"yoast_head":"<!-- This site is optimized with the Yoast SEO plugin v18.4.1 - https:\/\/yoast.com\/wordpress\/plugins\/seo\/ -->\n<title>Winners 2020 &mdash; Reclaim Award<\/title>\n<meta name=\"robots\" content=\"index, follow, max-snippet:-1, max-image-preview:large, max-video-preview:-1\" \/>\n<link rel=\"canonical\" href=\"https:\/\/www.reclaim-award.org\/en\/winners\/\" \/>\n<meta property=\"og:locale\" content=\"en_US\" \/>\n<meta property=\"og:type\" content=\"article\" \/>\n<meta property=\"og:title\" content=\"Winners 2020 &mdash; Reclaim Award\" \/>\n<meta property=\"og:description\" content=\"Nadine AberCamouflage \u201cLife doesn\u2019t frighten me\u201d is the life concept of designer Michelle Elie, who frequently positions herself against societal norms in her works. However, in unusual times with threats like Covid-19 a &#8230; Sophie AignerSockeSock, sign of the times. In Sophie Aigner\u2019s work, its leg becomes a plaster cast. Form and content appear literally [&hellip;]\" \/>\n<meta property=\"og:url\" content=\"https:\/\/www.reclaim-award.org\/en\/winners\/\" \/>\n<meta property=\"og:site_name\" content=\"Reclaim Award\" \/>\n<meta property=\"article:publisher\" content=\"https:\/\/www.facebook.com\/reclaimaward\/\" \/>\n<meta property=\"article:modified_time\" content=\"2021-08-20T08:50:02+00:00\" \/>\n<meta property=\"og:image\" content=\"https:\/\/www.reclaim-award.org\/wp-content\/uploads\/2020\/06\/Reclaim-Award-2020_Nadine_Aber-0437.jpg\" \/>\n<meta name=\"twitter:card\" content=\"summary_large_image\" \/>\n<meta name=\"twitter:label1\" content=\"Est. reading time\" \/>\n\t<meta name=\"twitter:data1\" content=\"7 minutes\" \/>\n<script type=\"application\/ld+json\" class=\"yoast-schema-graph\">{\"@context\":\"https:\/\/schema.org\",\"@graph\":[{\"@type\":\"WebSite\",\"@id\":\"https:\/\/www.reclaim-award.org\/en\/#website\",\"url\":\"https:\/\/www.reclaim-award.org\/en\/\",\"name\":\"Reclaim Award\",\"description\":\"Eine weitere WordPress-Website\",\"potentialAction\":[{\"@type\":\"SearchAction\",\"target\":{\"@type\":\"EntryPoint\",\"urlTemplate\":\"https:\/\/www.reclaim-award.org\/en\/?s={search_term_string}\"},\"query-input\":\"required name=search_term_string\"}],\"inLanguage\":\"en-US\"},{\"@type\":\"ImageObject\",\"@id\":\"https:\/\/www.reclaim-award.org\/en\/winners\/#primaryimage\",\"inLanguage\":\"en-US\",\"url\":\"\/wp-content\/uploads\/2020\/06\/Reclaim-Award-2020_Nadine_Aber-0437.jpg\",\"contentUrl\":\"\/wp-content\/uploads\/2020\/06\/Reclaim-Award-2020_Nadine_Aber-0437.jpg\"},{\"@type\":\"WebPage\",\"@id\":\"https:\/\/www.reclaim-award.org\/en\/winners\/#webpage\",\"url\":\"https:\/\/www.reclaim-award.org\/en\/winners\/\",\"name\":\"Winners 2020 &mdash; Reclaim Award\",\"isPartOf\":{\"@id\":\"https:\/\/www.reclaim-award.org\/en\/#website\"},\"primaryImageOfPage\":{\"@id\":\"https:\/\/www.reclaim-award.org\/en\/winners\/#primaryimage\"},\"datePublished\":\"2020-06-16T08:15:47+00:00\",\"dateModified\":\"2021-08-20T08:50:02+00:00\",\"breadcrumb\":{\"@id\":\"https:\/\/www.reclaim-award.org\/en\/winners\/#breadcrumb\"},\"inLanguage\":\"en-US\",\"potentialAction\":[{\"@type\":\"ReadAction\",\"target\":[\"https:\/\/www.reclaim-award.org\/en\/winners\/\"]}]},{\"@type\":\"BreadcrumbList\",\"@id\":\"https:\/\/www.reclaim-award.org\/en\/winners\/#breadcrumb\",\"itemListElement\":[{\"@type\":\"ListItem\",\"position\":1,\"name\":\"Startseite\",\"item\":\"https:\/\/www.reclaim-award.org\/en\/\"},{\"@type\":\"ListItem\",\"position\":2,\"name\":\"Winners 2020\"}]}]}<\/script>\n<!-- \/ Yoast SEO plugin. -->","yoast_head_json":{"title":"Winners 2020 &mdash; Reclaim Award","robots":{"index":"index","follow":"follow","max-snippet":"max-snippet:-1","max-image-preview":"max-image-preview:large","max-video-preview":"max-video-preview:-1"},"canonical":"https:\/\/www.reclaim-award.org\/en\/winners\/","og_locale":"en_US","og_type":"article","og_title":"Winners 2020 &mdash; Reclaim Award","og_description":"Nadine AberCamouflage \u201cLife doesn\u2019t frighten me\u201d is the life concept of designer Michelle Elie, who frequently positions herself against societal norms in her works. However, in unusual times with threats like Covid-19 a &#8230; Sophie AignerSockeSock, sign of the times. In Sophie Aigner\u2019s work, its leg becomes a plaster cast. Form and content appear literally [&hellip;]","og_url":"https:\/\/www.reclaim-award.org\/en\/winners\/","og_site_name":"Reclaim Award","article_publisher":"https:\/\/www.facebook.com\/reclaimaward\/","article_modified_time":"2021-08-20T08:50:02+00:00","og_image":[{"url":"https:\/\/www.reclaim-award.org\/wp-content\/uploads\/2020\/06\/Reclaim-Award-2020_Nadine_Aber-0437.jpg"}],"twitter_card":"summary_large_image","twitter_misc":{"Est. reading time":"7 minutes"},"schema":{"@context":"https:\/\/schema.org","@graph":[{"@type":"WebSite","@id":"https:\/\/www.reclaim-award.org\/en\/#website","url":"https:\/\/www.reclaim-award.org\/en\/","name":"Reclaim Award","description":"Eine weitere WordPress-Website","potentialAction":[{"@type":"SearchAction","target":{"@type":"EntryPoint","urlTemplate":"https:\/\/www.reclaim-award.org\/en\/?s={search_term_string}"},"query-input":"required name=search_term_string"}],"inLanguage":"en-US"},{"@type":"ImageObject","@id":"https:\/\/www.reclaim-award.org\/en\/winners\/#primaryimage","inLanguage":"en-US","url":"\/wp-content\/uploads\/2020\/06\/Reclaim-Award-2020_Nadine_Aber-0437.jpg","contentUrl":"\/wp-content\/uploads\/2020\/06\/Reclaim-Award-2020_Nadine_Aber-0437.jpg"},{"@type":"WebPage","@id":"https:\/\/www.reclaim-award.org\/en\/winners\/#webpage","url":"https:\/\/www.reclaim-award.org\/en\/winners\/","name":"Winners 2020 &mdash; Reclaim Award","isPartOf":{"@id":"https:\/\/www.reclaim-award.org\/en\/#website"},"primaryImageOfPage":{"@id":"https:\/\/www.reclaim-award.org\/en\/winners\/#primaryimage"},"datePublished":"2020-06-16T08:15:47+00:00","dateModified":"2021-08-20T08:50:02+00:00","breadcrumb":{"@id":"https:\/\/www.reclaim-award.org\/en\/winners\/#breadcrumb"},"inLanguage":"en-US","potentialAction":[{"@type":"ReadAction","target":["https:\/\/www.reclaim-award.org\/en\/winners\/"]}]},{"@type":"BreadcrumbList","@id":"https:\/\/www.reclaim-award.org\/en\/winners\/#breadcrumb","itemListElement":[{"@type":"ListItem","position":1,"name":"Startseite","item":"https:\/\/www.reclaim-award.org\/en\/"},{"@type":"ListItem","position":2,"name":"Winners 2020"}]}]}},"_links":{"self":[{"href":"https:\/\/www.reclaim-award.org\/en\/wp-json\/wp\/v2\/pages\/1840\/"}],"collection":[{"href":"https:\/\/www.reclaim-award.org\/en\/wp-json\/wp\/v2\/pages\/"}],"about":[{"href":"https:\/\/www.reclaim-award.org\/en\/wp-json\/wp\/v2\/types\/page\/"}],"author":[{"embeddable":true,"href":"https:\/\/www.reclaim-award.org\/en\/wp-json\/wp\/v2\/users\/2\/"}],"replies":[{"embeddable":true,"href":"https:\/\/www.reclaim-award.org\/en\/wp-json\/wp\/v2\/comments\/?post=1840"}],"version-history":[{"count":15,"href":"https:\/\/www.reclaim-award.org\/en\/wp-json\/wp\/v2\/pages\/1840\/revisions\/"}],"predecessor-version":[{"id":2379,"href":"https:\/\/www.reclaim-award.org\/en\/wp-json\/wp\/v2\/pages\/1840\/revisions\/2379\/"}],"wp:attachment":[{"href":"https:\/\/www.reclaim-award.org\/en\/wp-json\/wp\/v2\/media\/?parent=1840"}],"curies":[{"name":"wp","href":"https:\/\/api.w.org\/{rel}","templated":true}]}}